{"id":2,"date":"2019-08-28T13:44:51","date_gmt":"2019-08-28T13:44:51","guid":{"rendered":"http:\/\/cafetufvan.se\/?page_id=2"},"modified":"2019-09-02T11:31:28","modified_gmt":"2019-09-02T11:31:28","slug":"sample-page","status":"publish","type":"page","link":"https:\/\/cafetufvan.se\/","title":{"rendered":"V\u00e4lkomna till Caf\u00e9 Tufvan!"},"content":{"rendered":"\n<p>Caf\u00e9 Tufvan \u00e4r ett caf\u00e9 i hj\u00e4rtat av Campus.<\/p>\n\n\n\n<p>Dagtid driver Omsorgsf\u00f6rvaltningen daglig verksamhet och serverar lunch&nbsp;och fika&nbsp;till studentpriser i en mysig milj\u00f6.<\/p>\n\n\n\n<p>P\u00e5 kv\u00e4llar och helger driver Caf\u00e9 Tufvan Ideell F\u00f6rening caf\u00e9et och erbjuder olika evenemang och serverar fika och mat. <a href=\"https:\/\/www.tsreklam.se\/ \">Tsreklam.se<\/a> har varit h\u00e4r flera g\u00e5nger och bjudit p\u00e5 fika och bullar.<\/p>\n\n\n\n<p>Caf\u00e9 Tufvan \u00e4r en drogfri m\u00f6tesplats p\u00e5 campus och vi arbetar f\u00f6r att erbjuda studenter en plats f\u00f6r umg\u00e4nge och sociala och kulturella arrangemang som ett alternativ till studentpubarna.<\/p>\n\n\n\n<p>Caf\u00e9 Tufvan drivs av Caf\u00e9 Tufvan Ideell F\u00f6rening. Vi s\u00f6ker alltid fler arbetsledare och styrelsemedlemmar&nbsp;som vill ha ett kv\u00e4lls\u00f6ppet fik p\u00e5 Campus. Har du vad som kr\u00e4vs? Ta chansen att skaffa dig b\u00e5de erfarenheter och v\u00e4nner f\u00f6r livet. F\u00f6r att&nbsp;f\u00e5&nbsp;mer info&nbsp;kontakta&nbsp;eller prata med n\u00e5gon av oss i fiket.<\/p>\n\n\n\n<p><em>Dagtid p\u00e5 Caf\u00e9 Tufvan jobbar vi: Josef, Helena, Elaine, Lollo, Amira, Josefine, Linn\u00e9a och Linn\u00e9a.&nbsp;<\/em><\/p>\n\n\n\n<p><em>Vi har en viss funktionsneds\u00e4ttning och vi hoppas p\u00e5 er f\u00f6rst\u00e5else om vi beh\u00f6ver extra tid och st\u00f6d.<\/em><\/p>\n\n\n\n<p><em>Caf\u00e9 Tufvan ska vara en plats att ta det lugnt p\u00e5. Stressa mindre och njut av god mat, fika och trevliga samtal.<\/em><\/p>\n\n\n\n<p>&nbsp;<em>Tack!<\/em><\/p>\n\n\n\n<p><em>Daglig verksamhet<\/em>,<em>V\u00e4xj\u00f6 kommun<\/em><\/p>\n","protected":false},"excerpt":{"rendered":"<p>Caf\u00e9 Tufvan \u00e4r ett caf\u00e9 i hj\u00e4rtat av Campus. Dagtid driver Omsorgsf\u00f6rvaltningen daglig verksamhet och serverar lunch&nbsp;och fika&nbsp;till studentpriser i en mysig milj\u00f6. P\u00e5 kv\u00e4llar och helger driver Caf\u00e9 Tufvan Ideell F\u00f6rening caf\u00e9et och erbjuder olika evenemang och serverar fika och mat. Tsreklam.se har varit h\u00e4r flera g\u00e5nger och bjudit p\u00e5 fika och bullar. Caf\u00e9 [&hellip;]<\/p>\n","protected":false},"author":1,"featured_media":0,"parent":0,"menu_order":0,"comment_status":"closed","ping_status":"open","template":"","meta":[],"_links":{"self":[{"href":"https:\/\/cafetufvan.se\/index.php?rest_route=\/wp\/v2\/pages\/2"}],"collection":[{"href":"https:\/\/cafetufvan.se\/index.php?rest_route=\/wp\/v2\/pages"}],"about":[{"href":"https:\/\/cafetufvan.se\/index.php?rest_route=\/wp\/v2\/types\/page"}],"author":[{"embeddable":true,"href":"https:\/\/cafetufvan.se\/index.php?rest_route=\/wp\/v2\/users\/1"}],"replies":[{"embeddable":true,"href":"https:\/\/cafetufvan.se\/index.php?rest_route=%2Fwp%2Fv2%2Fcomments&post=2"}],"version-history":[{"count":2,"href":"https:\/\/cafetufvan.se\/index.php?rest_route=\/wp\/v2\/pages\/2\/revisions"}],"predecessor-version":[{"id":31,"href":"https:\/\/cafetufvan.se\/index.php?rest_route=\/wp\/v2\/pages\/2\/revisions\/31"}],"wp:attachment":[{"href":"https:\/\/cafetufvan.se\/index.php?rest_route=%2Fwp%2Fv2%2Fmedia&parent=2"}],"curies":[{"name":"wp","href":"https:\/\/api.w.org\/{rel}","templated":true}]}}